{"version":"1.0","provider_name":"    Colette Arts et Mati\u00e8res. ","provider_url":"https:\/\/coletteartsetmatieres.com","author_name":"admin1002","author_url":"https:\/\/coletteartsetmatieres.com\/index.php\/author\/admin1002\/","title":"bouquet sym\u00e9trique - Colette Arts et Mati\u00e8res.","type":"rich","width":600,"height":338,"html":"<blockquote class=\"wp-embedded-content\" data-secret=\"QtwQ90cJJ5\"><a href=\"https:\/\/coletteartsetmatieres.com\/index.php\/produit\/chandelier\/\">bouquet sym\u00e9trique<\/a><\/blockquote><iframe sandbox=\"allow-scripts\" security=\"restricted\" src=\"https:\/\/coletteartsetmatieres.com\/index.php\/produit\/chandelier\/embed\/#?secret=QtwQ90cJJ5\" width=\"600\" height=\"338\" title=\"\u00ab\u00a0bouquet sym\u00e9trique\u00a0\u00bb &#8212;     Colette Arts et Mati\u00e8res. \" data-secret=\"QtwQ90cJJ5\" frameborder=\"0\" marginwidth=\"0\" marginheight=\"0\" scrolling=\"no\" class=\"wp-embedded-content\"><\/iframe><script>\n\/*! This file is auto-generated *\/\n!function(d,l){\"use strict\";l.querySelector&&d.addEventListener&&\"undefined\"!=typeof URL&&(d.wp=d.wp||{},d.wp.receiveEmbedMessage||(d.wp.receiveEmbedMessage=function(e){var t=e.data;if((t||t.secret||t.message||t.value)&&!\/[^a-zA-Z0-9]\/.test(t.secret)){for(var s,r,n,a=l.querySelectorAll('iframe[data-secret=\"'+t.secret+'\"]'),o=l.querySelectorAll('blockquote[data-secret=\"'+t.secret+'\"]'),c=new RegExp(\"^https?:$\",\"i\"),i=0;i<o.length;i++)o[i].style.display=\"none\";for(i=0;i<a.length;i++)s=a[i],e.source===s.contentWindow&&(s.removeAttribute(\"style\"),\"height\"===t.message?(1e3<(r=parseInt(t.value,10))?r=1e3:~~r<200&&(r=200),s.height=r):\"link\"===t.message&&(r=new URL(s.getAttribute(\"src\")),n=new URL(t.value),c.test(n.protocol))&&n.host===r.host&&l.activeElement===s&&(d.top.location.href=t.value))}},d.addEventListener(\"message\",d.wp.receiveEmbedMessage,!1),l.addEventListener(\"DOMContentLoaded\",function(){for(var e,t,s=l.querySelectorAll(\"iframe.wp-embedded-content\"),r=0;r<s.length;r++)(t=(e=s[r]).getAttribute(\"data-secret\"))||(t=Math.random().toString(36).substring(2,12),e.src+=\"#?secret=\"+t,e.setAttribute(\"data-secret\",t)),e.contentWindow.postMessage({message:\"ready\",secret:t},\"*\")},!1)))}(window,document);\n<\/script>\n","thumbnail_url":"https:\/\/coletteartsetmatieres.com\/wp-content\/uploads\/2022\/05\/chandelier__64_-removebg-preview.png","thumbnail_width":612,"thumbnail_height":408,"description":"Romantique, abondant et color\u00e9, voici un chandelier v\u00e9g\u00e9tal fleuri. D\u00e9coratif, ce style convient parfaitement \u00e0 tous les int\u00e9rieurs. Une composition de table sym\u00e9trique et intemporelle accueillera vos h\u00f4tes pour les f\u00eates et anniversaires. P\u00e9rennes, naturels et vivants, les v\u00e9g\u00e9taux respirent avec bienveillance la fraicheur et l'authenticit\u00e9 d'une vrai composition florale. Sans entretien, vous en profiterez plusieurs ann\u00e9es.  Photos \/ vid\u00e9os\u00a0: Toutes nos images sont sans retouches. Il est toutefois difficile de restituer les v\u00e9ritables couleurs d'un produit. Le rendu des couleurs peut \u00e9galement varier d'un \u00e9cran \u00e0 l'autre."}