{"id":343,"date":"2020-04-17T11:53:20","date_gmt":"2020-04-17T09:53:20","guid":{"rendered":"https:\/\/coletteartsetmatieres.com\/?page_id=343"},"modified":"2021-11-03T11:57:42","modified_gmt":"2021-11-03T10:57:42","slug":"les-sculptures-2","status":"publish","type":"page","link":"https:\/\/coletteartsetmatieres.com\/index.php\/les-sculptures-2\/","title":{"rendered":"D\u00e9coration"},"content":{"rendered":"\n<h2 class=\"wp-block-heading\">Une d\u00e9co \u00e0 votre image;<\/h2>\n\n\n\n<p>Pour votre salon ou autre pi\u00e8ce \u00e0 vivre:  v\u00e9g\u00e9tale,  min\u00e9rale ou autre \u00e9l\u00e9ment f\u00e9tiche; arborez votre environnement avec des formes \u00e9l\u00e9gantes, symboliques et artistiques.<\/p>\n\n\n\n<h2 class=\"wp-block-heading\">Professionnels;<\/h2>\n\n\n\n<p>Une  fa\u00e7on de se d\u00e9marquer, attirer le regard dans vos vitrines, ajouter une valeur culturelle pour mieux partager votre  Accueil, en toute  bienveillance. <\/p>\n\n\n\n<p>V\u00e9g\u00e9tales ou issues de mat\u00e9riaux min\u00e9raux ou industriels, Vous appr\u00e9cierez des formes f\u00e9minines, symboliques ou abstraites pour apporter \u00e0 votre int\u00e9rieur un accueil personnalis\u00e9 et original. Sur support m\u00e9tallique ou bois, de taille adapt\u00e9e, je r\u00e9alise, pour vous, une \u0153uvre respectant votre personnalit\u00e9 et vos d\u00e9sirs.<br>La location pour vos \u00e9v\u00e8nements ou long terme, vous permet d\u2019adopter en toute s\u00e9r\u00e9nit\u00e9 votre r\u00eave.<br>Je propose aussi des montages utiles et d\u00e9coratifs:- Supports pour exposer des collections, \u2013 Supports \u00e9pur\u00e9s afin d\u2019agr\u00e9menter \u00e0 votre convenance selon les saisons, \u2013 Suspensions pour habiller un comble.<\/p>\n\n\n\n<div class=\"woocommerce columns-3 \"><\/div>\n\n\n\n<div class=\"wp-block-columns is-layout-flex wp-container-core-columns-layout-2 wp-block-columns-is-layout-flex\">\n<div class=\"wp-block-column is-layout-flow wp-block-column-is-layout-flow\" style=\"flex-basis:100%\">\n<div class=\"wp-block-group\"><div class=\"wp-block-group__inner-container is-layout-flow wp-block-group-is-layout-flow\">\n<div class=\"wp-block-columns is-layout-flex wp-container-core-columns-layout-1 wp-block-columns-is-layout-flex\">\n<div class=\"wp-block-column is-layout-flow wp-block-column-is-layout-flow\" style=\"flex-basis:100%\"><ul class=\"wp-block-latest-posts__list is-grid columns-3 wp-block-latest-posts\"><li><a class=\"wp-block-latest-posts__post-title\" href=\"https:\/\/coletteartsetmatieres.com\/index.php\/2023\/11\/30\/marches-de-noel-2023-fleurs-eternelles\/\">March\u00e9s de No\u00ebl 2023; fleurs eternelles<\/a><\/li>\n<li><a class=\"wp-block-latest-posts__post-title\" href=\"https:\/\/coletteartsetmatieres.com\/index.php\/2023\/06\/21\/kleopatres\/\">Concours \u00ab\u00a0Les Kl\u00e9op\u00e2tres\u00a0\u00bb 2023<\/a><\/li>\n<li><a class=\"wp-block-latest-posts__post-title\" href=\"https:\/\/coletteartsetmatieres.com\/index.php\/2023\/06\/03\/corso-fleuri-damboise-2023\/\">Corso Fleuri d&rsquo;Amboise 2023<\/a><\/li>\n<li><a class=\"wp-block-latest-posts__post-title\" href=\"https:\/\/coletteartsetmatieres.com\/index.php\/2022\/12\/04\/fleurs-stabilisees-rose-eternelle-murs-vegetaux-compositions-florales-tableaux-sculptures-et-murs-vegetalises\/\">Ma\u00eetre Artisan Fleuriste, v\u00e9g\u00e9tal stabilis\u00e9<\/a><\/li>\n<li><a class=\"wp-block-latest-posts__post-title\" href=\"https:\/\/coletteartsetmatieres.com\/index.php\/2022\/09\/14\/iframe-srchttps-www-facebook-com-plugins-post-phphrefhttps-www-facebook-com-mosnesenfete-posts-pfbid08n2vgp8rdwubs4syfehdjwchdcsuthnaxsd674zw2ul28tyfhagpx9xbwnev6lhalshow_texttruewidth500-width500-hei\/\">Mosnes en F\u00eate<\/a><\/li>\n<\/ul><\/div>\n<\/div>\n<\/div><\/div>\n<\/div>\n<\/div>\n","protected":false},"excerpt":{"rendered":"<p>Une d\u00e9co \u00e0 votre image; Pour votre salon ou autre pi\u00e8ce \u00e0 vivre: v\u00e9g\u00e9tale, min\u00e9rale ou autre \u00e9l\u00e9ment f\u00e9tiche; arborez votre environnement avec des formes \u00e9l\u00e9gantes, symboliques et artistiques. Professionnels; Une fa\u00e7on de se d\u00e9marquer, attirer le regard dans vos vitrines, ajouter une valeur culturelle pour mieux partager votre Accueil, en toute bienveillance. V\u00e9g\u00e9tales ou &hellip; <\/p>\n<p class=\"link-more\"><a href=\"https:\/\/coletteartsetmatieres.com\/index.php\/les-sculptures-2\/\" class=\"more-link\">Continuer la lecture<span class=\"screen-reader-text\"> de &laquo;&nbsp;D\u00e9coration&nbsp;&raquo;<\/span><\/a><\/p>\n","protected":false},"author":1,"featured_media":0,"parent":0,"menu_order":3,"comment_status":"closed","ping_status":"closed","template":"","meta":{"footnotes":"","_vp_format_video_url":"","_vp_image_focal_point":[]},"yoast_head":"<!-- This site is optimized with the Yoast SEO plugin v19.8 - https:\/\/yoast.com\/wordpress\/plugins\/seo\/ -->\n<title>D\u00e9coration - Colette Arts et Mati\u00e8res.<\/title>\n<meta name=\"robots\" content=\"index, follow, max-snippet:-1, max-image-preview:large, max-video-preview:-1\" \/>\n<link rel=\"canonical\" href=\"https:\/\/coletteartsetmatieres.com\/index.php\/les-sculptures-2\/\" \/>\n<meta property=\"og:locale\" content=\"fr_FR\" \/>\n<meta property=\"og:type\" content=\"article\" \/>\n<meta property=\"og:title\" content=\"D\u00e9coration - Colette Arts et Mati\u00e8res.\" \/>\n<meta property=\"og:description\" content=\"Une d\u00e9co \u00e0 votre image; Pour votre salon ou autre pi\u00e8ce \u00e0 vivre: v\u00e9g\u00e9tale, min\u00e9rale ou autre \u00e9l\u00e9ment f\u00e9tiche; arborez votre environnement avec des formes \u00e9l\u00e9gantes, symboliques et artistiques. Professionnels; Une fa\u00e7on de se d\u00e9marquer, attirer le regard dans vos vitrines, ajouter une valeur culturelle pour mieux partager votre Accueil, en toute bienveillance. V\u00e9g\u00e9tales ou &hellip; Continuer la lecture de &laquo;&nbsp;D\u00e9coration&nbsp;&raquo;\" \/>\n<meta property=\"og:url\" content=\"https:\/\/coletteartsetmatieres.com\/index.php\/les-sculptures-2\/\" \/>\n<meta property=\"og:site_name\" content=\"Colette Arts et Mati\u00e8res.\" \/>\n<meta property=\"article:modified_time\" content=\"2021-11-03T10:57:42+00:00\" \/>\n<meta name=\"twitter:card\" content=\"summary_large_image\" \/>\n<meta name=\"twitter:label1\" content=\"Dur\u00e9e de lecture estim\u00e9e\" \/>\n\t<meta name=\"twitter:data1\" content=\"1 minute\" \/>\n<script type=\"application\/ld+json\" class=\"yoast-schema-graph\">{\"@context\":\"https:\/\/schema.org\",\"@graph\":[{\"@type\":\"WebPage\",\"@id\":\"https:\/\/coletteartsetmatieres.com\/index.php\/les-sculptures-2\/\",\"url\":\"https:\/\/coletteartsetmatieres.com\/index.php\/les-sculptures-2\/\",\"name\":\"D\u00e9coration - Colette Arts et Mati\u00e8res.\",\"isPartOf\":{\"@id\":\"https:\/\/coletteartsetmatieres.com\/#website\"},\"datePublished\":\"2020-04-17T09:53:20+00:00\",\"dateModified\":\"2021-11-03T10:57:42+00:00\",\"breadcrumb\":{\"@id\":\"https:\/\/coletteartsetmatieres.com\/index.php\/les-sculptures-2\/#breadcrumb\"},\"inLanguage\":\"fr-FR\",\"potentialAction\":[{\"@type\":\"ReadAction\",\"target\":[\"https:\/\/coletteartsetmatieres.com\/index.php\/les-sculptures-2\/\"]}]},{\"@type\":\"BreadcrumbList\",\"@id\":\"https:\/\/coletteartsetmatieres.com\/index.php\/les-sculptures-2\/#breadcrumb\",\"itemListElement\":[{\"@type\":\"ListItem\",\"position\":1,\"name\":\"Accueil\",\"item\":\"https:\/\/coletteartsetmatieres.com\/\"},{\"@type\":\"ListItem\",\"position\":2,\"name\":\"D\u00e9coration\"}]},{\"@type\":\"WebSite\",\"@id\":\"https:\/\/coletteartsetmatieres.com\/#website\",\"url\":\"https:\/\/coletteartsetmatieres.com\/\",\"name\":\"Colette Arts et Mati\u00e8res.\",\"description\":\"   L&#039;Art du V\u00e9g\u00e9tal et de la Fleur stables et durables\",\"publisher\":{\"@id\":\"https:\/\/coletteartsetmatieres.com\/#organization\"},\"potentialAction\":[{\"@type\":\"SearchAction\",\"target\":{\"@type\":\"EntryPoint\",\"urlTemplate\":\"https:\/\/coletteartsetmatieres.com\/?s={search_term_string}\"},\"query-input\":\"required name=search_term_string\"}],\"inLanguage\":\"fr-FR\"},{\"@type\":\"Organization\",\"@id\":\"https:\/\/coletteartsetmatieres.com\/#organization\",\"name\":\"Colette Arts et Mati\u00e8res.\",\"url\":\"https:\/\/coletteartsetmatieres.com\/\",\"sameAs\":[],\"logo\":{\"@type\":\"ImageObject\",\"inLanguage\":\"fr-FR\",\"@id\":\"https:\/\/coletteartsetmatieres.com\/#\/schema\/logo\/image\/\",\"url\":\"https:\/\/coletteartsetmatieres.com\/wp-content\/uploads\/2020\/03\/cropped-Coletteartsetmatieres_logotype-2.png\",\"contentUrl\":\"https:\/\/coletteartsetmatieres.com\/wp-content\/uploads\/2020\/03\/cropped-Coletteartsetmatieres_logotype-2.png\",\"width\":409,\"height\":250,\"caption\":\"    Colette Arts et Mati\u00e8res. \"},\"image\":{\"@id\":\"https:\/\/coletteartsetmatieres.com\/#\/schema\/logo\/image\/\"}}]}<\/script>\n<!-- \/ Yoast SEO plugin. -->","yoast_head_json":{"title":"D\u00e9coration - Colette Arts et Mati\u00e8res.","robots":{"index":"index","follow":"follow","max-snippet":"max-snippet:-1","max-image-preview":"max-image-preview:large","max-video-preview":"max-video-preview:-1"},"canonical":"https:\/\/coletteartsetmatieres.com\/index.php\/les-sculptures-2\/","og_locale":"fr_FR","og_type":"article","og_title":"D\u00e9coration - Colette Arts et Mati\u00e8res.","og_description":"Une d\u00e9co \u00e0 votre image; Pour votre salon ou autre pi\u00e8ce \u00e0 vivre: v\u00e9g\u00e9tale, min\u00e9rale ou autre \u00e9l\u00e9ment f\u00e9tiche; arborez votre environnement avec des formes \u00e9l\u00e9gantes, symboliques et artistiques. Professionnels; Une fa\u00e7on de se d\u00e9marquer, attirer le regard dans vos vitrines, ajouter une valeur culturelle pour mieux partager votre Accueil, en toute bienveillance. V\u00e9g\u00e9tales ou &hellip; Continuer la lecture de &laquo;&nbsp;D\u00e9coration&nbsp;&raquo;","og_url":"https:\/\/coletteartsetmatieres.com\/index.php\/les-sculptures-2\/","og_site_name":"Colette Arts et Mati\u00e8res.","article_modified_time":"2021-11-03T10:57:42+00:00","twitter_card":"summary_large_image","twitter_misc":{"Dur\u00e9e de lecture estim\u00e9e":"1 minute"},"schema":{"@context":"https:\/\/schema.org","@graph":[{"@type":"WebPage","@id":"https:\/\/coletteartsetmatieres.com\/index.php\/les-sculptures-2\/","url":"https:\/\/coletteartsetmatieres.com\/index.php\/les-sculptures-2\/","name":"D\u00e9coration - Colette Arts et Mati\u00e8res.","isPartOf":{"@id":"https:\/\/coletteartsetmatieres.com\/#website"},"datePublished":"2020-04-17T09:53:20+00:00","dateModified":"2021-11-03T10:57:42+00:00","breadcrumb":{"@id":"https:\/\/coletteartsetmatieres.com\/index.php\/les-sculptures-2\/#breadcrumb"},"inLanguage":"fr-FR","potentialAction":[{"@type":"ReadAction","target":["https:\/\/coletteartsetmatieres.com\/index.php\/les-sculptures-2\/"]}]},{"@type":"BreadcrumbList","@id":"https:\/\/coletteartsetmatieres.com\/index.php\/les-sculptures-2\/#breadcrumb","itemListElement":[{"@type":"ListItem","position":1,"name":"Accueil","item":"https:\/\/coletteartsetmatieres.com\/"},{"@type":"ListItem","position":2,"name":"D\u00e9coration"}]},{"@type":"WebSite","@id":"https:\/\/coletteartsetmatieres.com\/#website","url":"https:\/\/coletteartsetmatieres.com\/","name":"Colette Arts et Mati\u00e8res.","description":"   L&#039;Art du V\u00e9g\u00e9tal et de la Fleur stables et durables","publisher":{"@id":"https:\/\/coletteartsetmatieres.com\/#organization"},"potentialAction":[{"@type":"SearchAction","target":{"@type":"EntryPoint","urlTemplate":"https:\/\/coletteartsetmatieres.com\/?s={search_term_string}"},"query-input":"required name=search_term_string"}],"inLanguage":"fr-FR"},{"@type":"Organization","@id":"https:\/\/coletteartsetmatieres.com\/#organization","name":"Colette Arts et Mati\u00e8res.","url":"https:\/\/coletteartsetmatieres.com\/","sameAs":[],"logo":{"@type":"ImageObject","inLanguage":"fr-FR","@id":"https:\/\/coletteartsetmatieres.com\/#\/schema\/logo\/image\/","url":"https:\/\/coletteartsetmatieres.com\/wp-content\/uploads\/2020\/03\/cropped-Coletteartsetmatieres_logotype-2.png","contentUrl":"https:\/\/coletteartsetmatieres.com\/wp-content\/uploads\/2020\/03\/cropped-Coletteartsetmatieres_logotype-2.png","width":409,"height":250,"caption":"    Colette Arts et Mati\u00e8res. "},"image":{"@id":"https:\/\/coletteartsetmatieres.com\/#\/schema\/logo\/image\/"}}]}},"_links":{"self":[{"href":"https:\/\/coletteartsetmatieres.com\/index.php\/wp-json\/wp\/v2\/pages\/343"}],"collection":[{"href":"https:\/\/coletteartsetmatieres.com\/index.php\/wp-json\/wp\/v2\/pages"}],"about":[{"href":"https:\/\/coletteartsetmatieres.com\/index.php\/wp-json\/wp\/v2\/types\/page"}],"author":[{"embeddable":true,"href":"https:\/\/coletteartsetmatieres.com\/index.php\/wp-json\/wp\/v2\/users\/1"}],"replies":[{"embeddable":true,"href":"https:\/\/coletteartsetmatieres.com\/index.php\/wp-json\/wp\/v2\/comments?post=343"}],"version-history":[{"count":10,"href":"https:\/\/coletteartsetmatieres.com\/index.php\/wp-json\/wp\/v2\/pages\/343\/revisions"}],"predecessor-version":[{"id":800,"href":"https:\/\/coletteartsetmatieres.com\/index.php\/wp-json\/wp\/v2\/pages\/343\/revisions\/800"}],"wp:attachment":[{"href":"https:\/\/coletteartsetmatieres.com\/index.php\/wp-json\/wp\/v2\/media?parent=343"}],"curies":[{"name":"wp","href":"https:\/\/api.w.org\/{rel}","templated":true}]}}